{"id":1349,"date":"2016-10-11T15:45:09","date_gmt":"2016-10-11T13:45:09","guid":{"rendered":"http:\/\/www.teske-schwiede.de\/?page_id=1349"},"modified":"2016-10-11T15:48:31","modified_gmt":"2016-10-11T13:48:31","slug":"ffw-hermsdorf","status":"publish","type":"page","link":"https:\/\/www.teske-schwiede.de\/?page_id=1349","title":{"rendered":"FFW Hermsdorf"},"content":{"rendered":"<p><strong>Freiwillige Feuerwehr Hermsdorf, 15748 M\u00fcnchehofe OT Hermsdorf<\/strong>, Ausgef\u00fchrt: 2015<br \/>\nAnbau- und Umbau des Geb\u00e4udes der Freiwilligen Feuerwehr Hermsdorf, LP 1-8<\/p>\n<!-- index.php -->\n<div\n\tclass=\"ngg-galleryoverview ngg-ajax-pagination-none\"\n\tid=\"ngg-gallery-6df79356362b1b4607bdf5aa737779e4-1\">\n\n    \t<div class=\"slideshowlink\">\n        <a href='https:\/\/www.teske-schwiede.de\/index.php\/nggallery\/slideshow?page_id=1349'>[Zeige eine Slideshow]<\/a>\n\t\t\n\t<\/div>\n\t\t\t<!-- Thumbnails -->\n\t\t\t\t<div id=\"ngg-image-0\" class=\"ngg-gallery-thumbnail-box\" >\n\t\t\t\t        <div class=\"ngg-gallery-thumbnail\">\n            <a href=\"https:\/\/www.teske-schwiede.de\/wp-content\/gallery\/ffw-hermsdorf\/Daecher_FFW_Herm_bearb.jpg\"\n               title=\"Dachlandschaft Unterstand\"\n               data-src=\"https:\/\/www.teske-schwiede.de\/wp-content\/gallery\/ffw-hermsdorf\/Daecher_FFW_Herm_bearb.jpg\"\n               data-thumbnail=\"https:\/\/www.teske-schwiede.de\/wp-content\/gallery\/ffw-hermsdorf\/thumbs\/thumbs_Daecher_FFW_Herm_bearb.jpg\"\n               data-image-id=\"256\"\n               data-title=\"Daecher_FFW_Herm_bearb\"\n               data-description=\"Dachlandschaft Unterstand\"\n               data-image-slug=\"daecher_ffw_herm_bearb\"\n               class=\"ngg-fancybox\" rel=\"6df79356362b1b4607bdf5aa737779e4\">\n                <img\n                    title=\"Daecher_FFW_Herm_bearb\"\n                    alt=\"Daecher_FFW_Herm_bearb\"\n                    src=\"https:\/\/www.teske-schwiede.de\/wp-content\/gallery\/ffw-hermsdorf\/thumbs\/thumbs_Daecher_FFW_Herm_bearb.jpg\"\n                    width=\"120\"\n                    height=\"90\"\n                    style=\"max-width:100%;\"\n                \/>\n            <\/a>\n        <\/div>\n\t\t\t\t\t\t\t<\/div> \n\t\t\t\n        \n\t\t\t\t<div id=\"ngg-image-1\" class=\"ngg-gallery-thumbnail-box\" >\n\t\t\t\t        <div class=\"ngg-gallery-thumbnail\">\n            <a href=\"https:\/\/www.teske-schwiede.de\/wp-content\/gallery\/ffw-hermsdorf\/FFW_Herm_2_bearb.jpg\"\n               title=\"Ansicht Fahrzeughalle mit Sectionaltor\"\n               data-src=\"https:\/\/www.teske-schwiede.de\/wp-content\/gallery\/ffw-hermsdorf\/FFW_Herm_2_bearb.jpg\"\n               data-thumbnail=\"https:\/\/www.teske-schwiede.de\/wp-content\/gallery\/ffw-hermsdorf\/thumbs\/thumbs_FFW_Herm_2_bearb.jpg\"\n               data-image-id=\"257\"\n               data-title=\"FFW_Herm_2_bearb\"\n               data-description=\"Ansicht Fahrzeughalle mit Sectionaltor\"\n               data-image-slug=\"ffw_herm_2_bearb\"\n               class=\"ngg-fancybox\" rel=\"6df79356362b1b4607bdf5aa737779e4\">\n                <img\n                    title=\"FFW_Herm_2_bearb\"\n                    alt=\"FFW_Herm_2_bearb\"\n                    src=\"https:\/\/www.teske-schwiede.de\/wp-content\/gallery\/ffw-hermsdorf\/thumbs\/thumbs_FFW_Herm_2_bearb.jpg\"\n                    width=\"120\"\n                    height=\"90\"\n                    style=\"max-width:100%;\"\n                \/>\n            <\/a>\n        <\/div>\n\t\t\t\t\t\t\t<\/div> \n\t\t\t\n        \n\t\t\t\t<div id=\"ngg-image-2\" class=\"ngg-gallery-thumbnail-box\" >\n\t\t\t\t        <div class=\"ngg-gallery-thumbnail\">\n            <a href=\"https:\/\/www.teske-schwiede.de\/wp-content\/gallery\/ffw-hermsdorf\/FFW_Herm_3_bearb.jpg\"\n               title=\"Ansicht des An- und Umbau der FFW Hermsdorf\"\n               data-src=\"https:\/\/www.teske-schwiede.de\/wp-content\/gallery\/ffw-hermsdorf\/FFW_Herm_3_bearb.jpg\"\n               data-thumbnail=\"https:\/\/www.teske-schwiede.de\/wp-content\/gallery\/ffw-hermsdorf\/thumbs\/thumbs_FFW_Herm_3_bearb.jpg\"\n               data-image-id=\"258\"\n               data-title=\"FFW_Herm_3_bearb\"\n               data-description=\"Ansicht des An- und Umbau der FFW Hermsdorf\"\n               data-image-slug=\"ffw_herm_3_bearb\"\n               class=\"ngg-fancybox\" rel=\"6df79356362b1b4607bdf5aa737779e4\">\n                <img\n                    title=\"FFW_Herm_3_bearb\"\n                    alt=\"FFW_Herm_3_bearb\"\n                    src=\"https:\/\/www.teske-schwiede.de\/wp-content\/gallery\/ffw-hermsdorf\/thumbs\/thumbs_FFW_Herm_3_bearb.jpg\"\n                    width=\"120\"\n                    height=\"90\"\n                    style=\"max-width:100%;\"\n                \/>\n            <\/a>\n        <\/div>\n\t\t\t\t\t\t\t<\/div> \n\t\t\t\n        \n\t\t\n\t\t<!-- Pagination -->\n\t<div class='ngg-clear'><\/div>\t<\/div>\n\n","protected":false},"excerpt":{"rendered":"<p>Freiwillige Feuerwehr Hermsdorf, 15748 M\u00fcnchehofe OT Hermsdorf, Ausgef\u00fchrt: 2015 Anbau- und Umbau des Geb\u00e4udes der Freiwilligen Feuerwehr Hermsdorf, LP 1-8<\/p>\n","protected":false},"author":1,"featured_media":0,"parent":44,"menu_order":0,"comment_status":"closed","ping_status":"closed","template":"","meta":{"ngg_post_thumbnail":0},"_links":{"self":[{"href":"https:\/\/www.teske-schwiede.de\/index.php?rest_route=\/wp\/v2\/pages\/1349"}],"collection":[{"href":"https:\/\/www.teske-schwiede.de\/index.php?rest_route=\/wp\/v2\/pages"}],"about":[{"href":"https:\/\/www.teske-schwiede.de\/index.php?rest_route=\/wp\/v2\/types\/page"}],"author":[{"embeddable":true,"href":"https:\/\/www.teske-schwiede.de\/index.php?rest_route=\/wp\/v2\/users\/1"}],"replies":[{"embeddable":true,"href":"https:\/\/www.teske-schwiede.de\/index.php?rest_route=%2Fwp%2Fv2%2Fcomments&post=1349"}],"version-history":[{"count":2,"href":"https:\/\/www.teske-schwiede.de\/index.php?rest_route=\/wp\/v2\/pages\/1349\/revisions"}],"predecessor-version":[{"id":1351,"href":"https:\/\/www.teske-schwiede.de\/index.php?rest_route=\/wp\/v2\/pages\/1349\/revisions\/1351"}],"up":[{"embeddable":true,"href":"https:\/\/www.teske-schwiede.de\/index.php?rest_route=\/wp\/v2\/pages\/44"}],"wp:attachment":[{"href":"https:\/\/www.teske-schwiede.de\/index.php?rest_route=%2Fwp%2Fv2%2Fmedia&parent=1349"}],"curies":[{"name":"wp","href":"https:\/\/api.w.org\/{rel}","templated":true}]}}